{"id":24995,"date":"2023-07-07T13:50:40","date_gmt":"2023-07-07T13:50:40","guid":{"rendered":"https:\/\/www.euhouse.mk\/veles\/"},"modified":"2024-10-04T13:21:39","modified_gmt":"2024-10-04T13:21:39","slug":"veles","status":"publish","type":"page","link":"https:\/\/europehouse.mk\/sq\/offices\/veles\/","title":{"rendered":"VELES"},"content":{"rendered":"\r\n<p>Europe House Veles \u00ebsht\u00eb qend\u00ebr e cila do t&#8217;u p\u00ebrgjigjet nevojave dhe aspiratave t\u00eb t\u00eb rinjve nga Velesi. Kjo hap\u00ebsir\u00eb vizionare duhet t\u00eb frym\u00ebzoj\u00eb dhe angazhoj\u00eb t\u00eb rinjt\u00eb, t&#8217;u siguroj\u00eb atyre nj\u00eb platform\u00eb q\u00eb do t\u00eb mb\u00ebshtes\u00eb dhe zhvilloj\u00eb m\u00eb tej kapacitetet e tyre krijuese. Hap\u00ebsira \u00ebsht\u00eb projektuar p\u00ebr t\u00eb ofruar rehati, fleksibilitet dhe nj\u00eb mjedis n\u00eb t\u00eb cilin t\u00eb rinjt\u00eb mund m\u00eb leht\u00eb t\u00eb prodhojn\u00eb ide t\u00eb reja, t\u00eb debatojn\u00eb dhe t\u00eb shprehen n\u00eb m\u00ebnyr\u00eb krijuese.<\/p>\r\n<p>Mir\u00eb se vini n\u00eb hap\u00ebsir\u00ebn e gjenerat\u00ebs s\u00eb re! Mir\u00eb se vini n\u00eb Europe House Veles!<\/p>\r\n","protected":false},"excerpt":{"rendered":"<p>Europe House Veles \u00ebsht\u00eb qend\u00ebr e cila do t&#8217;u p\u00ebrgjigjet nevojave dhe aspiratave t\u00eb t\u00eb rinjve nga Velesi. Kjo hap\u00ebsir\u00eb vizionare duhet t\u00eb frym\u00ebzoj\u00eb dhe angazhoj\u00eb t\u00eb rinjt\u00eb, t&#8217;u siguroj\u00eb atyre nj\u00eb platform\u00eb q\u00eb do t\u00eb mb\u00ebshtes\u00eb dhe zhvilloj\u00eb m\u00eb tej kapacitetet e tyre krijuese. Hap\u00ebsira \u00ebsht\u00eb projektuar p\u00ebr t\u00eb ofruar rehati, fleksibilitet dhe nj\u00eb [&hellip;]<\/p>\n","protected":false},"author":2,"featured_media":52724,"parent":46474,"menu_order":57,"comment_status":"closed","ping_status":"closed","template":"page-templates\/simple-inner-template.php","meta":{"inline_featured_image":false,"footnotes":""},"class_list":["post-24995","page","type-page","status-publish","has-post-thumbnail","hentry"],"yoast_head":"<!-- This site is optimized with the Yoast SEO plugin v27.2 - https:\/\/yoast.com\/product\/yoast-seo-wordpress\/ -->\n<title>VELES - Europe House<\/title>\n<meta name=\"robots\" content=\"index, follow, max-snippet:-1, max-image-preview:large, max-video-preview:-1\" \/>\n<link rel=\"canonical\" href=\"https:\/\/europehouse.mksq\/offices\/veles\/\" \/>\n<meta property=\"og:locale\" content=\"sq_AL\" \/>\n<meta property=\"og:type\" content=\"article\" \/>\n<meta property=\"og:title\" content=\"VELES - Europe House\" \/>\n<meta property=\"og:description\" content=\"Europe House Veles \u00ebsht\u00eb qend\u00ebr e cila do t&#8217;u p\u00ebrgjigjet nevojave dhe aspiratave t\u00eb t\u00eb rinjve nga Velesi. Kjo hap\u00ebsir\u00eb vizionare duhet t\u00eb frym\u00ebzoj\u00eb dhe angazhoj\u00eb t\u00eb rinjt\u00eb, t&#8217;u siguroj\u00eb atyre nj\u00eb platform\u00eb q\u00eb do t\u00eb mb\u00ebshtes\u00eb dhe zhvilloj\u00eb m\u00eb tej kapacitetet e tyre krijuese. Hap\u00ebsira \u00ebsht\u00eb projektuar p\u00ebr t\u00eb ofruar rehati, fleksibilitet dhe nj\u00eb [&hellip;]\" \/>\n<meta property=\"og:url\" content=\"https:\/\/europehouse.mksq\/offices\/veles\/\" \/>\n<meta property=\"og:site_name\" content=\"Europe House\" \/>\n<meta property=\"article:modified_time\" content=\"2024-10-04T13:21:39+00:00\" \/>\n<meta property=\"og:image\" content=\"https:\/\/europehouse.mkwp-content\/uploads\/2023\/07\/PSX_20230628_161342-scaled.jpg\" \/>\n\t<meta property=\"og:image:width\" content=\"2560\" \/>\n\t<meta property=\"og:image:height\" content=\"1707\" \/>\n\t<meta property=\"og:image:type\" content=\"image\/jpeg\" \/>\n<meta name=\"twitter:card\" content=\"summary_large_image\" \/>\n<meta name=\"twitter:label1\" content=\"Est. reading time\" \/>\n\t<meta name=\"twitter:data1\" content=\"1 minute\" \/>\n<script type=\"application\/ld+json\" class=\"yoast-schema-graph\">{\"@context\":\"https:\/\/schema.org\",\"@graph\":[{\"@type\":\"WebPage\",\"@id\":\"https:\/\/europehouse.mksq\/offices\/veles\/\",\"url\":\"https:\/\/europehouse.mksq\/offices\/veles\/\",\"name\":\"VELES - Europe House\",\"isPartOf\":{\"@id\":\"https:\/\/europehouse.mk\/#website\"},\"primaryImageOfPage\":{\"@id\":\"https:\/\/europehouse.mksq\/offices\/veles\/#primaryimage\"},\"image\":{\"@id\":\"https:\/\/europehouse.mksq\/offices\/veles\/#primaryimage\"},\"thumbnailUrl\":\"https:\/\/europehouse.mk\/wp-content\/uploads\/2024\/12\/PSX_20230628_161342-scaled-2.jpg\",\"datePublished\":\"2023-07-07T13:50:40+00:00\",\"dateModified\":\"2024-10-04T13:21:39+00:00\",\"breadcrumb\":{\"@id\":\"https:\/\/europehouse.mksq\/offices\/veles\/#breadcrumb\"},\"inLanguage\":\"sq-AL\",\"potentialAction\":[{\"@type\":\"ReadAction\",\"target\":[\"https:\/\/europehouse.mksq\/offices\/veles\/\"]}]},{\"@type\":\"ImageObject\",\"inLanguage\":\"sq-AL\",\"@id\":\"https:\/\/europehouse.mksq\/offices\/veles\/#primaryimage\",\"url\":\"https:\/\/europehouse.mk\/wp-content\/uploads\/2024\/12\/PSX_20230628_161342-scaled-2.jpg\",\"contentUrl\":\"https:\/\/europehouse.mk\/wp-content\/uploads\/2024\/12\/PSX_20230628_161342-scaled-2.jpg\",\"width\":1920,\"height\":1280},{\"@type\":\"BreadcrumbList\",\"@id\":\"https:\/\/europehouse.mksq\/offices\/veles\/#breadcrumb\",\"itemListElement\":[{\"@type\":\"ListItem\",\"position\":1,\"name\":\"Offices\",\"item\":\"https:\/\/europehouse.mksq\/offices\/\"},{\"@type\":\"ListItem\",\"position\":2,\"name\":\"VELES\"}]},{\"@type\":\"WebSite\",\"@id\":\"https:\/\/europehouse.mk\/#website\",\"url\":\"https:\/\/europehouse.mk\/\",\"name\":\"Europe House\",\"description\":\"\u0422\u0443\u043a\u0430 \u0437\u0430 \u043c\u043b\u0430\u0434\u0438\u0442\u0435\",\"publisher\":{\"@id\":\"https:\/\/europehouse.mk\/#organization\"},\"potentialAction\":[{\"@type\":\"SearchAction\",\"target\":{\"@type\":\"EntryPoint\",\"urlTemplate\":\"https:\/\/europehouse.mk\/?s={search_term_string}\"},\"query-input\":{\"@type\":\"PropertyValueSpecification\",\"valueRequired\":true,\"valueName\":\"search_term_string\"}}],\"inLanguage\":\"sq-AL\"},{\"@type\":\"Organization\",\"@id\":\"https:\/\/europehouse.mk\/#organization\",\"name\":\"Europe House\",\"url\":\"https:\/\/europehouse.mk\/\",\"logo\":{\"@type\":\"ImageObject\",\"inLanguage\":\"sq-AL\",\"@id\":\"https:\/\/europehouse.mk\/#\/schema\/logo\/image\/\",\"url\":\"https:\/\/europehouse.mk\/wp-content\/uploads\/2025\/11\/cropped-EUROPE-HOUSE-FB-Profile-Picture-redisign-1-1.jpg\",\"contentUrl\":\"https:\/\/europehouse.mk\/wp-content\/uploads\/2025\/11\/cropped-EUROPE-HOUSE-FB-Profile-Picture-redisign-1-1.jpg\",\"width\":2246,\"height\":620,\"caption\":\"Europe House\"},\"image\":{\"@id\":\"https:\/\/europehouse.mk\/#\/schema\/logo\/image\/\"}}]}<\/script>\n<!-- \/ Yoast SEO plugin. -->","yoast_head_json":{"title":"VELES - Europe House","robots":{"index":"index","follow":"follow","max-snippet":"max-snippet:-1","max-image-preview":"max-image-preview:large","max-video-preview":"max-video-preview:-1"},"canonical":"https:\/\/europehouse.mksq\/offices\/veles\/","og_locale":"sq_AL","og_type":"article","og_title":"VELES - Europe House","og_description":"Europe House Veles \u00ebsht\u00eb qend\u00ebr e cila do t&#8217;u p\u00ebrgjigjet nevojave dhe aspiratave t\u00eb t\u00eb rinjve nga Velesi. Kjo hap\u00ebsir\u00eb vizionare duhet t\u00eb frym\u00ebzoj\u00eb dhe angazhoj\u00eb t\u00eb rinjt\u00eb, t&#8217;u siguroj\u00eb atyre nj\u00eb platform\u00eb q\u00eb do t\u00eb mb\u00ebshtes\u00eb dhe zhvilloj\u00eb m\u00eb tej kapacitetet e tyre krijuese. Hap\u00ebsira \u00ebsht\u00eb projektuar p\u00ebr t\u00eb ofruar rehati, fleksibilitet dhe nj\u00eb [&hellip;]","og_url":"https:\/\/europehouse.mksq\/offices\/veles\/","og_site_name":"Europe House","article_modified_time":"2024-10-04T13:21:39+00:00","og_image":[{"width":2560,"height":1707,"url":"https:\/\/europehouse.mkwp-content\/uploads\/2023\/07\/PSX_20230628_161342-scaled.jpg","type":"image\/jpeg"}],"twitter_card":"summary_large_image","twitter_misc":{"Est. reading time":"1 minute"},"schema":{"@context":"https:\/\/schema.org","@graph":[{"@type":"WebPage","@id":"https:\/\/europehouse.mksq\/offices\/veles\/","url":"https:\/\/europehouse.mksq\/offices\/veles\/","name":"VELES - Europe House","isPartOf":{"@id":"https:\/\/europehouse.mk\/#website"},"primaryImageOfPage":{"@id":"https:\/\/europehouse.mksq\/offices\/veles\/#primaryimage"},"image":{"@id":"https:\/\/europehouse.mksq\/offices\/veles\/#primaryimage"},"thumbnailUrl":"https:\/\/europehouse.mk\/wp-content\/uploads\/2024\/12\/PSX_20230628_161342-scaled-2.jpg","datePublished":"2023-07-07T13:50:40+00:00","dateModified":"2024-10-04T13:21:39+00:00","breadcrumb":{"@id":"https:\/\/europehouse.mksq\/offices\/veles\/#breadcrumb"},"inLanguage":"sq-AL","potentialAction":[{"@type":"ReadAction","target":["https:\/\/europehouse.mksq\/offices\/veles\/"]}]},{"@type":"ImageObject","inLanguage":"sq-AL","@id":"https:\/\/europehouse.mksq\/offices\/veles\/#primaryimage","url":"https:\/\/europehouse.mk\/wp-content\/uploads\/2024\/12\/PSX_20230628_161342-scaled-2.jpg","contentUrl":"https:\/\/europehouse.mk\/wp-content\/uploads\/2024\/12\/PSX_20230628_161342-scaled-2.jpg","width":1920,"height":1280},{"@type":"BreadcrumbList","@id":"https:\/\/europehouse.mksq\/offices\/veles\/#breadcrumb","itemListElement":[{"@type":"ListItem","position":1,"name":"Offices","item":"https:\/\/europehouse.mksq\/offices\/"},{"@type":"ListItem","position":2,"name":"VELES"}]},{"@type":"WebSite","@id":"https:\/\/europehouse.mk\/#website","url":"https:\/\/europehouse.mk\/","name":"Europe House","description":"\u0422\u0443\u043a\u0430 \u0437\u0430 \u043c\u043b\u0430\u0434\u0438\u0442\u0435","publisher":{"@id":"https:\/\/europehouse.mk\/#organization"},"potentialAction":[{"@type":"SearchAction","target":{"@type":"EntryPoint","urlTemplate":"https:\/\/europehouse.mk\/?s={search_term_string}"},"query-input":{"@type":"PropertyValueSpecification","valueRequired":true,"valueName":"search_term_string"}}],"inLanguage":"sq-AL"},{"@type":"Organization","@id":"https:\/\/europehouse.mk\/#organization","name":"Europe House","url":"https:\/\/europehouse.mk\/","logo":{"@type":"ImageObject","inLanguage":"sq-AL","@id":"https:\/\/europehouse.mk\/#\/schema\/logo\/image\/","url":"https:\/\/europehouse.mk\/wp-content\/uploads\/2025\/11\/cropped-EUROPE-HOUSE-FB-Profile-Picture-redisign-1-1.jpg","contentUrl":"https:\/\/europehouse.mk\/wp-content\/uploads\/2025\/11\/cropped-EUROPE-HOUSE-FB-Profile-Picture-redisign-1-1.jpg","width":2246,"height":620,"caption":"Europe House"},"image":{"@id":"https:\/\/europehouse.mk\/#\/schema\/logo\/image\/"}}]}},"_links":{"self":[{"href":"https:\/\/europehouse.mk\/sq\/wp-json\/wp\/v2\/pages\/24995","targetHints":{"allow":["GET"]}}],"collection":[{"href":"https:\/\/europehouse.mk\/sq\/wp-json\/wp\/v2\/pages"}],"about":[{"href":"https:\/\/europehouse.mk\/sq\/wp-json\/wp\/v2\/types\/page"}],"author":[{"embeddable":true,"href":"https:\/\/europehouse.mk\/sq\/wp-json\/wp\/v2\/users\/2"}],"replies":[{"embeddable":true,"href":"https:\/\/europehouse.mk\/sq\/wp-json\/wp\/v2\/comments?post=24995"}],"version-history":[{"count":8,"href":"https:\/\/europehouse.mk\/sq\/wp-json\/wp\/v2\/pages\/24995\/revisions"}],"predecessor-version":[{"id":47442,"href":"https:\/\/europehouse.mk\/sq\/wp-json\/wp\/v2\/pages\/24995\/revisions\/47442"}],"up":[{"embeddable":true,"href":"https:\/\/europehouse.mk\/sq\/wp-json\/wp\/v2\/pages\/46474"}],"wp:featuredmedia":[{"embeddable":true,"href":"https:\/\/europehouse.mk\/sq\/wp-json\/wp\/v2\/media\/52724"}],"wp:attachment":[{"href":"https:\/\/europehouse.mk\/sq\/wp-json\/wp\/v2\/media?parent=24995"}],"curies":[{"name":"wp","href":"https:\/\/api.w.org\/{rel}","templated":true}]}}