{"id":19667,"date":"2022-10-14T10:05:45","date_gmt":"2022-10-14T10:05:45","guid":{"rendered":"https:\/\/www.euhouse.mk\/events\/german-film-days\/"},"modified":"2022-10-14T10:11:34","modified_gmt":"2022-10-14T10:11:34","slug":"german-film-days","status":"publish","type":"events","link":"https:\/\/europehouse.mk\/sq\/events\/german-film-days\/","title":{"rendered":"P\u00ebrs\u00ebri Dit\u00ebt e Filmit Gjerman!"},"content":{"rendered":"<p dir=\"auto\"><span>Ambasada Gjermane, s\u00eb bashku me Kinotek\u00ebn n\u00eb Shkup, Qendr\u00ebn p\u00ebr Bashk\u00ebpunim Ballkanik \u201cLoja\u201d n\u00eb Tetov\u00eb dhe \u201cEurope House\u201d n\u00eb Strumic\u00eb dhe Kriva Pallank\u00eb, Ju fton n\u00eb Dit\u00ebt e Filmit Gjerman.<\/span><\/p>\n<p dir=\"auto\"><span>Dit\u00ebt e Filmit do t\u00eb hapen m\u00eb dat\u00ebn 15 tetor, n\u00eb or\u00ebn 20:00 n\u00eb Kinotek\u00ebn n\u00eb Shkup me filmin \u201cUn\u00eb jam njeriu yt\u201d.<\/span><\/p>\n<p dir=\"auto\"><span>Programin e plot\u00eb mund ta gjeni n\u00eb linkun e m\u00ebposht\u00ebn: <\/span><a class=\"x1i10hfl xjbqb8w x6umtig x1b1mbwd xaqea5y xav7gou x9f619 x1ypdohk xt0psk2 xe8uvvx xdj266r x11i5rnm xat24cr x1mh8g0r xexx8yu x4uap5 x18d9i69 xkhd6sd x16tdsg8 x1hl2dhg xggy1nq x1a2a7pz xt0b8zv x1fey0fg\" tabindex=\"0\" role=\"link\" href=\"https:\/\/skopje.diplo.de\/mk-sq\/-\/2557656?fbclid=IwAR3fBEnsteIMxtY2O6ve5iB3oszWpo63TbbPV2V94sRLWmw-WSnzc0Ze5WE\" target=\"_blank\" rel=\"nofollow noopener\"><span>https:\/\/skopje.diplo.de\/mk-sq\/-\/2557656<\/span><\/a><\/p>\n<p dir=\"auto\"><img loading=\"lazy\" decoding=\"async\" class=\"aligncenter\" src=\"https:\/\/scontent.fskp4-2.fna.fbcdn.net\/v\/t39.30808-6\/311136426_649799813445271_7961547474752970269_n.jpg?_nc_cat=106&amp;ccb=1-7&amp;_nc_sid=730e14&amp;_nc_ohc=LzTuK7RE7GwAX-YEmNn&amp;tn=CE7fKN1fG0lc1fkO&amp;_nc_ht=scontent.fskp4-2.fna&amp;oh=00_AT-iTm7cUQqHXewhSzNCvU5luA0YxGccvNy8fWrvzSpURQ&amp;oe=634D6555\" alt=\"May be an image of 2 people and text that says &quot;71' Panorama Copilot a film by Anne Zohra Berrached Me&quot;\" width=\"303\" height=\"429\" \/><\/p>\n<p dir=\"auto\"><img loading=\"lazy\" decoding=\"async\" class=\"aligncenter\" src=\"https:\/\/scontent.fskp4-1.fna.fbcdn.net\/v\/t39.30808-6\/310275404_649799833445269_7313521324853271627_n.jpg?_nc_cat=104&amp;ccb=1-7&amp;_nc_sid=730e14&amp;_nc_ohc=JZJq1lMTgjEAX_4tY8G&amp;_nc_ht=scontent.fskp4-1.fna&amp;oh=00_AT_0AEewH0N74_LerqKo4nynIgYFu8qYDiAjEebUE_AaxQ&amp;oe=634E8179\" alt=\"May be an image of 3 people, people standing and text\" width=\"308\" height=\"436\" \/><\/p>\n<p dir=\"auto\"><img loading=\"lazy\" decoding=\"async\" class=\"aligncenter\" src=\"https:\/\/scontent.fskp4-2.fna.fbcdn.net\/v\/t39.30808-6\/310614765_649799830111936_2433011870354621371_n.jpg?_nc_cat=108&amp;ccb=1-7&amp;_nc_sid=730e14&amp;_nc_ohc=OeLAopUHwE4AX8IJAt9&amp;_nc_ht=scontent.fskp4-2.fna&amp;oh=00_AT-vOxM7RG6aGCXy9LXPoEpOyvo4TxRW1W37NAl9hbcBxA&amp;oe=634E2787\" alt=\"May be an image of 1 person and text\" width=\"339\" height=\"501\" \/><\/p>\n<p dir=\"auto\"><img loading=\"lazy\" decoding=\"async\" class=\"aligncenter\" src=\"https:\/\/scontent.fskp4-2.fna.fbcdn.net\/v\/t39.30808-6\/311237138_649799916778594_5567046530027931523_n.jpg?_nc_cat=108&amp;ccb=1-7&amp;_nc_sid=730e14&amp;_nc_ohc=CFZ1GWwczRcAX-o91Ba&amp;_nc_oc=AQn5eLVYQMrY_OPQUY4qfLdH7yokUXC_NgoSgRFSMwO5E82YXte9ow3Rzr-uiCaIQNk&amp;_nc_ht=scontent.fskp4-2.fna&amp;oh=00_AT_bxna48fpqphBmteDmk9DySgDHi8cgIn-nY_xwKrsVBA&amp;oe=634F1694\" alt=\"May be an image of 1 person, standing and text that says &quot;MELTEM KAPTAN ALEXANDER SCHEER 72 Intenatenale \u0391 Wettbewerb RABIYE KURNAZ GEGEN GEORGE W. BUSH DREHBUCH LAILA STIELER REGIE ANDREAS DRESEN www.e.....m&quot;\" width=\"335\" height=\"479\" \/><\/p>\n","protected":false},"featured_media":19661,"template":"","meta":{"inline_featured_image":false},"event_category":[260],"class_list":["post-19667","events","type-events","status-publish","has-post-thumbnail","hentry","event_category-eu-embassy-events-sq-2"],"yoast_head":"<!-- This site is optimized with the Yoast SEO plugin v27.2 - https:\/\/yoast.com\/product\/yoast-seo-wordpress\/ -->\n<title>P\u00ebrs\u00ebri Dit\u00ebt e Filmit Gjerman! - Europe House<\/title>\n<meta name=\"robots\" content=\"index, follow, max-snippet:-1, max-image-preview:large, max-video-preview:-1\" \/>\n<link rel=\"canonical\" href=\"https:\/\/europehouse.mkevents\/german-film-days\/\" \/>\n<meta property=\"og:locale\" content=\"sq_AL\" \/>\n<meta property=\"og:type\" content=\"article\" \/>\n<meta property=\"og:title\" content=\"P\u00ebrs\u00ebri Dit\u00ebt e Filmit Gjerman! - Europe House\" \/>\n<meta property=\"og:description\" content=\"Ambasada Gjermane, s\u00eb bashku me Kinotek\u00ebn n\u00eb Shkup, Qendr\u00ebn p\u00ebr Bashk\u00ebpunim Ballkanik \u201cLoja\u201d n\u00eb Tetov\u00eb dhe \u201cEurope House\u201d n\u00eb Strumic\u00eb dhe Kriva Pallank\u00eb, Ju fton n\u00eb Dit\u00ebt e Filmit Gjerman. Dit\u00ebt e Filmit do t\u00eb hapen m\u00eb dat\u00ebn 15 tetor, n\u00eb or\u00ebn 20:00 n\u00eb Kinotek\u00ebn n\u00eb Shkup me filmin \u201cUn\u00eb jam njeriu yt\u201d. Programin e [&hellip;]\" \/>\n<meta property=\"og:url\" content=\"https:\/\/europehouse.mkevents\/german-film-days\/\" \/>\n<meta property=\"og:site_name\" content=\"Europe House\" \/>\n<meta property=\"article:modified_time\" content=\"2022-10-14T10:11:34+00:00\" \/>\n<meta property=\"og:image\" content=\"https:\/\/europehouse.mkwp-content\/uploads\/2022\/10\/310002156_5772969832764966_2209420737697231649_n.jpg\" \/>\n\t<meta property=\"og:image:width\" content=\"2048\" \/>\n\t<meta property=\"og:image:height\" content=\"1365\" \/>\n\t<meta property=\"og:image:type\" content=\"image\/jpeg\" \/>\n<meta name=\"twitter:card\" content=\"summary_large_image\" \/>\n<meta name=\"twitter:label1\" content=\"Est. reading time\" \/>\n\t<meta name=\"twitter:data1\" content=\"2 minutes\" \/>\n<script type=\"application\/ld+json\" class=\"yoast-schema-graph\">{\"@context\":\"https:\/\/schema.org\",\"@graph\":[{\"@type\":\"WebPage\",\"@id\":\"https:\/\/europehouse.mkevents\/german-film-days\/\",\"url\":\"https:\/\/europehouse.mkevents\/german-film-days\/\",\"name\":\"P\u00ebrs\u00ebri Dit\u00ebt e Filmit Gjerman! - Europe House\",\"isPartOf\":{\"@id\":\"https:\/\/europehouse.mk\/#website\"},\"primaryImageOfPage\":{\"@id\":\"https:\/\/europehouse.mkevents\/german-film-days\/#primaryimage\"},\"image\":{\"@id\":\"https:\/\/europehouse.mkevents\/german-film-days\/#primaryimage\"},\"thumbnailUrl\":\"https:\/\/europehouse.mk\/wp-content\/uploads\/2022\/10\/310002156_5772969832764966_2209420737697231649_n.jpg\",\"datePublished\":\"2022-10-14T10:05:45+00:00\",\"dateModified\":\"2022-10-14T10:11:34+00:00\",\"breadcrumb\":{\"@id\":\"https:\/\/europehouse.mkevents\/german-film-days\/#breadcrumb\"},\"inLanguage\":\"sq-AL\",\"potentialAction\":[{\"@type\":\"ReadAction\",\"target\":[\"https:\/\/europehouse.mkevents\/german-film-days\/\"]}]},{\"@type\":\"ImageObject\",\"inLanguage\":\"sq-AL\",\"@id\":\"https:\/\/europehouse.mkevents\/german-film-days\/#primaryimage\",\"url\":\"https:\/\/europehouse.mk\/wp-content\/uploads\/2022\/10\/310002156_5772969832764966_2209420737697231649_n.jpg\",\"contentUrl\":\"https:\/\/europehouse.mk\/wp-content\/uploads\/2022\/10\/310002156_5772969832764966_2209420737697231649_n.jpg\",\"width\":2048,\"height\":1365},{\"@type\":\"BreadcrumbList\",\"@id\":\"https:\/\/europehouse.mkevents\/german-film-days\/#breadcrumb\",\"itemListElement\":[{\"@type\":\"ListItem\",\"position\":1,\"name\":\"Events\",\"item\":\"https:\/\/europehouse.mkmk\/events\/\"},{\"@type\":\"ListItem\",\"position\":2,\"name\":\"P\u00ebrs\u00ebri Dit\u00ebt e Filmit Gjerman!\"}]},{\"@type\":\"WebSite\",\"@id\":\"https:\/\/europehouse.mk\/#website\",\"url\":\"https:\/\/europehouse.mk\/\",\"name\":\"Europe House\",\"description\":\"\u0422\u0443\u043a\u0430 \u0437\u0430 \u043c\u043b\u0430\u0434\u0438\u0442\u0435\",\"publisher\":{\"@id\":\"https:\/\/europehouse.mk\/#organization\"},\"potentialAction\":[{\"@type\":\"SearchAction\",\"target\":{\"@type\":\"EntryPoint\",\"urlTemplate\":\"https:\/\/europehouse.mk\/?s={search_term_string}\"},\"query-input\":{\"@type\":\"PropertyValueSpecification\",\"valueRequired\":true,\"valueName\":\"search_term_string\"}}],\"inLanguage\":\"sq-AL\"},{\"@type\":\"Organization\",\"@id\":\"https:\/\/europehouse.mk\/#organization\",\"name\":\"Europe House\",\"url\":\"https:\/\/europehouse.mk\/\",\"logo\":{\"@type\":\"ImageObject\",\"inLanguage\":\"sq-AL\",\"@id\":\"https:\/\/europehouse.mk\/#\/schema\/logo\/image\/\",\"url\":\"https:\/\/europehouse.mk\/wp-content\/uploads\/2025\/11\/cropped-EUROPE-HOUSE-FB-Profile-Picture-redisign-1-1.jpg\",\"contentUrl\":\"https:\/\/europehouse.mk\/wp-content\/uploads\/2025\/11\/cropped-EUROPE-HOUSE-FB-Profile-Picture-redisign-1-1.jpg\",\"width\":2246,\"height\":620,\"caption\":\"Europe House\"},\"image\":{\"@id\":\"https:\/\/europehouse.mk\/#\/schema\/logo\/image\/\"}}]}<\/script>\n<!-- \/ Yoast SEO plugin. -->","yoast_head_json":{"title":"P\u00ebrs\u00ebri Dit\u00ebt e Filmit Gjerman! - Europe House","robots":{"index":"index","follow":"follow","max-snippet":"max-snippet:-1","max-image-preview":"max-image-preview:large","max-video-preview":"max-video-preview:-1"},"canonical":"https:\/\/europehouse.mkevents\/german-film-days\/","og_locale":"sq_AL","og_type":"article","og_title":"P\u00ebrs\u00ebri Dit\u00ebt e Filmit Gjerman! - Europe House","og_description":"Ambasada Gjermane, s\u00eb bashku me Kinotek\u00ebn n\u00eb Shkup, Qendr\u00ebn p\u00ebr Bashk\u00ebpunim Ballkanik \u201cLoja\u201d n\u00eb Tetov\u00eb dhe \u201cEurope House\u201d n\u00eb Strumic\u00eb dhe Kriva Pallank\u00eb, Ju fton n\u00eb Dit\u00ebt e Filmit Gjerman. Dit\u00ebt e Filmit do t\u00eb hapen m\u00eb dat\u00ebn 15 tetor, n\u00eb or\u00ebn 20:00 n\u00eb Kinotek\u00ebn n\u00eb Shkup me filmin \u201cUn\u00eb jam njeriu yt\u201d. Programin e [&hellip;]","og_url":"https:\/\/europehouse.mkevents\/german-film-days\/","og_site_name":"Europe House","article_modified_time":"2022-10-14T10:11:34+00:00","og_image":[{"width":2048,"height":1365,"url":"https:\/\/europehouse.mkwp-content\/uploads\/2022\/10\/310002156_5772969832764966_2209420737697231649_n.jpg","type":"image\/jpeg"}],"twitter_card":"summary_large_image","twitter_misc":{"Est. reading time":"2 minutes"},"schema":{"@context":"https:\/\/schema.org","@graph":[{"@type":"WebPage","@id":"https:\/\/europehouse.mkevents\/german-film-days\/","url":"https:\/\/europehouse.mkevents\/german-film-days\/","name":"P\u00ebrs\u00ebri Dit\u00ebt e Filmit Gjerman! - Europe House","isPartOf":{"@id":"https:\/\/europehouse.mk\/#website"},"primaryImageOfPage":{"@id":"https:\/\/europehouse.mkevents\/german-film-days\/#primaryimage"},"image":{"@id":"https:\/\/europehouse.mkevents\/german-film-days\/#primaryimage"},"thumbnailUrl":"https:\/\/europehouse.mk\/wp-content\/uploads\/2022\/10\/310002156_5772969832764966_2209420737697231649_n.jpg","datePublished":"2022-10-14T10:05:45+00:00","dateModified":"2022-10-14T10:11:34+00:00","breadcrumb":{"@id":"https:\/\/europehouse.mkevents\/german-film-days\/#breadcrumb"},"inLanguage":"sq-AL","potentialAction":[{"@type":"ReadAction","target":["https:\/\/europehouse.mkevents\/german-film-days\/"]}]},{"@type":"ImageObject","inLanguage":"sq-AL","@id":"https:\/\/europehouse.mkevents\/german-film-days\/#primaryimage","url":"https:\/\/europehouse.mk\/wp-content\/uploads\/2022\/10\/310002156_5772969832764966_2209420737697231649_n.jpg","contentUrl":"https:\/\/europehouse.mk\/wp-content\/uploads\/2022\/10\/310002156_5772969832764966_2209420737697231649_n.jpg","width":2048,"height":1365},{"@type":"BreadcrumbList","@id":"https:\/\/europehouse.mkevents\/german-film-days\/#breadcrumb","itemListElement":[{"@type":"ListItem","position":1,"name":"Events","item":"https:\/\/europehouse.mkmk\/events\/"},{"@type":"ListItem","position":2,"name":"P\u00ebrs\u00ebri Dit\u00ebt e Filmit Gjerman!"}]},{"@type":"WebSite","@id":"https:\/\/europehouse.mk\/#website","url":"https:\/\/europehouse.mk\/","name":"Europe House","description":"\u0422\u0443\u043a\u0430 \u0437\u0430 \u043c\u043b\u0430\u0434\u0438\u0442\u0435","publisher":{"@id":"https:\/\/europehouse.mk\/#organization"},"potentialAction":[{"@type":"SearchAction","target":{"@type":"EntryPoint","urlTemplate":"https:\/\/europehouse.mk\/?s={search_term_string}"},"query-input":{"@type":"PropertyValueSpecification","valueRequired":true,"valueName":"search_term_string"}}],"inLanguage":"sq-AL"},{"@type":"Organization","@id":"https:\/\/europehouse.mk\/#organization","name":"Europe House","url":"https:\/\/europehouse.mk\/","logo":{"@type":"ImageObject","inLanguage":"sq-AL","@id":"https:\/\/europehouse.mk\/#\/schema\/logo\/image\/","url":"https:\/\/europehouse.mk\/wp-content\/uploads\/2025\/11\/cropped-EUROPE-HOUSE-FB-Profile-Picture-redisign-1-1.jpg","contentUrl":"https:\/\/europehouse.mk\/wp-content\/uploads\/2025\/11\/cropped-EUROPE-HOUSE-FB-Profile-Picture-redisign-1-1.jpg","width":2246,"height":620,"caption":"Europe House"},"image":{"@id":"https:\/\/europehouse.mk\/#\/schema\/logo\/image\/"}}]}},"_links":{"self":[{"href":"https:\/\/europehouse.mk\/sq\/wp-json\/wp\/v2\/events\/19667","targetHints":{"allow":["GET"]}}],"collection":[{"href":"https:\/\/europehouse.mk\/sq\/wp-json\/wp\/v2\/events"}],"about":[{"href":"https:\/\/europehouse.mk\/sq\/wp-json\/wp\/v2\/types\/events"}],"wp:featuredmedia":[{"embeddable":true,"href":"https:\/\/europehouse.mk\/sq\/wp-json\/wp\/v2\/media\/19661"}],"wp:attachment":[{"href":"https:\/\/europehouse.mk\/sq\/wp-json\/wp\/v2\/media?parent=19667"}],"wp:term":[{"taxonomy":"event_category","embeddable":true,"href":"https:\/\/europehouse.mk\/sq\/wp-json\/wp\/v2\/event_category?post=19667"}],"curies":[{"name":"wp","href":"https:\/\/api.w.org\/{rel}","templated":true}]}}