{"id":13562,"date":"2022-02-17T10:42:45","date_gmt":"2022-02-17T10:42:45","guid":{"rendered":"https:\/\/www.euhouse.mk\/?page_id=5997"},"modified":"2022-05-17T13:45:35","modified_gmt":"2022-05-17T13:45:35","slug":"eu-embassy-events","status":"publish","type":"page","link":"https:\/\/europehouse.mk\/en\/eu-embassy-events\/","title":{"rendered":"EU Member States Embassies events"},"content":{"rendered":"<div class=\"kvgmc6g5 cxmmr5t8 oygrvhab hcukyx3x c1et5uql\">Presso la Cineteca Nazionale della Macedonia del Nord &#8211; continua la<br \/>\nprogrammazione della XXII Settimana del Cinema Italiano, dedicata quest\u2019anno al tema \u201cEroi ed<br \/>\nantieroi nel Cinema Italiano\u201d.<br \/>\nScritto e diretto da Pier Paolo Pasolini (di cui ricorre il centenario della nascita) ed ispirato ad un<br \/>\nfatto realmente accaduto, il film racconta la storia di una prostituta che, per amore del figlio,<br \/>\ndecide di diventare una donna rispettabile e tenta in tutti i modi di aiutare il figlio ad ottenere il<br \/>\nriscatto della propria condizione di sottoproletario e trovarsi un lavoro rispettabile. Il giovane per\u00f2<br \/>\nfatica a perdonarle il suo passato.<\/div>\n<div><\/div>\n<div class=\"cxmmr5t8 oygrvhab hcukyx3x c1et5uql o9v6fnle\">\u0412\u043e \u041a\u0438\u043d\u043e\u0442\u0435\u043a\u0430\u0442\u0430 \u043d\u0430 \u0421\u0435\u0432\u0435\u0440\u043d\u0430 \u041c\u0430\u043a\u0435\u0434\u043e\u043d\u0438\u0458\u0430 \u043f\u0440\u043e\u0434\u043e\u043b\u0436\u0443\u0432\u0430 \u043f\u0440\u043e\u0433\u0440\u0430\u043c\u0430\u0442\u0430 \u043d\u0430 XXII \u041d\u0435\u0434\u0435\u043b\u0430 \u043d\u0430 \u0438\u0442\u0430\u043b\u0438\u0458\u0430\u043d\u0441\u043a\u0430\u0442\u0430 \u043a\u0438\u043d\u0435\u043c\u0430\u0442\u043e\u0433\u0440\u0430\u0444\u0438\u0458\u0430, \u043e\u0432\u0430\u0430 \u0433\u043e\u0434\u0438\u043d\u0430 \u043f\u043e\u0441\u0432\u0435\u0442\u0435\u043d\u0430 \u043d\u0430 \u0442\u0435\u043c\u0430\u0442\u0430 \u201e\u0425\u0435\u0440\u043e\u0438\u0442\u0435 \u0438 \u0430\u043d\u0442\u0438\u0445\u0435\u0440\u043e\u0438\u0442\u0435 \u0432\u043e \u0438\u0442\u0430\u043b\u0438\u0458\u0430\u043d\u0441\u043a\u0438\u043e\u0442 \u0444\u0438\u043b\u043c\u201c.<br \/>\n\u041d\u0430\u043f\u0438\u0448\u0430\u043d \u0438 \u0440\u0435\u0436\u0438\u0440\u0430\u043d \u043e\u0434 \u041f\u0458\u0435\u0440 \u041f\u0430\u043e\u043b\u043e \u041f\u0430\u0437\u043e\u043b\u0438\u043d\u0438 (\u043e\u0432\u0430\u0430 \u0433\u043e\u0434\u0438\u043d\u0430 \u0441\u0435 \u043e\u0434\u0431\u0435\u043b\u0435\u0436\u0443\u0432\u0430 \u0441\u0442\u043e\u0433\u043e\u0434\u0438\u0448\u043d\u0438\u043d\u0430\u0442\u0430 \u043e\u0434 \u043d\u0435\u0433\u043e\u0432\u043e\u0442\u043e \u0440\u0430\u0453\u0430\u045a\u0435) \u0438 \u0438\u043d\u0441\u043f\u0438\u0440\u0438\u0440\u0430\u043d \u043e\u0434 \u0432\u0438\u0441\u0442\u0438\u043d\u0441\u043a\u0430 \u043f\u0440\u0438\u043a\u0430\u0437\u043d\u0430, \u0444\u0438\u043b\u043c\u043e\u0442 \u0458\u0430 \u0440\u0430\u0441\u043a\u0430\u0436\u0443\u0432\u0430 \u043f\u0440\u0438\u043a\u0430\u0437\u043d\u0430\u0442\u0430 \u0437\u0430 \u043f\u0440\u043e\u0441\u0442\u0438\u0442\u0443\u0442\u043a\u0430 \u043a\u043e\u0458\u0430, \u043f\u043e\u0440\u0430\u0434\u0438 \u0459\u0443\u0431\u043e\u0432\u0442\u0430 \u043a\u043e\u043d \u043d\u0435\u0458\u0437\u0438\u043d\u0438\u043e\u0442 \u0441\u0438\u043d, \u043e\u0434\u043b\u0443\u0447\u0443\u0432\u0430 \u0434\u0430 \u0441\u0442\u0430\u043d\u0435 \u0443\u0433\u043b\u0435\u0434\u043d\u0430 \u0436\u0435\u043d\u0430 \u0438 \u0441\u0435 \u043e\u0431\u0438\u0434\u0443\u0432\u0430 \u043d\u0430 \u0441\u0438\u0442\u0435 \u043d\u0430\u0447\u0438\u043d\u0438 \u0434\u0430 \u043c\u0443 \u043f\u043e\u043c\u043e\u0433\u043d\u0435 \u043d\u0430 \u0441\u0432\u043e\u0458\u043e\u0442 \u0441\u0438\u043d \u0434\u0430 \u0441\u0435 \u043e\u0441\u043b\u043e\u0431\u043e\u0434\u0438 \u043e\u0434 \u0441\u0438\u0440\u043e\u043c\u0430\u0448\u0442\u0438\u0458\u0430\u0442\u0430 \u0438 \u0434\u0430 \u043d\u0430\u0458\u0434\u0435 \u0434\u043e\u0431\u0440\u0430 \u0440\u0430\u0431\u043e\u0442\u0430. \u0421\u0438\u043d\u043e\u0442, \u0441\u0435\u043f\u0430\u043a, \u0441\u0435 \u0431\u043e\u0440\u0438 \u0434\u0430 \u0438 \u0433\u043e \u043f\u0440\u043e\u0441\u0442\u0438 \u043c\u0438\u043d\u0430\u0442\u043e\u0442\u043e.<\/div>\n<div><\/div>\n<div class=\"cxmmr5t8 oygrvhab hcukyx3x c1et5uql o9v6fnle\">N\u00eb Kinotek\u00ebn e Maqedonis\u00eb s\u00eb Veriut vazhdon programi i Jav\u00ebs s\u00eb XXII t\u00eb Kinemas\u00eb Italiane, e cila k\u00ebt\u00eb vit i kushtohet tem\u00ebs &#8220;Heronjt\u00eb dhe antiheronjt\u00eb n\u00eb kineman\u00eb italiane&#8221;.<br \/>\nMe skenar dhe regji nga Pier Paolo Pasolini (ky vit sh\u00ebnohet nj\u00ebqindvjetori i lindjes s\u00eb tij) dhe i frym\u00ebzuar nga nj\u00eb histori e v\u00ebrtet\u00eb, filmi tregon historin\u00eb e nj\u00eb prostitute e cila, nga dashuria p\u00ebr djalin e saj, vendos t\u00eb b\u00ebhet nj\u00eb grua e respektuar dhe p\u00ebrpiqet n\u00eb \u00e7do m\u00ebnyr\u00eb p\u00ebr t\u00eb ndihmuar djalin t\u00eb dal\u00eb nga varf\u00ebria dhe t\u00eb gjej\u00eb nj\u00eb pun\u00eb t\u00eb mir\u00eb. Djali, megjithat\u00eb, ka v\u00ebshtir\u00ebsi t\u00eb fal\u00eb t\u00eb kaluar\u00ebn e saj.<\/div>\n<p><img loading=\"lazy\" decoding=\"async\" class=\"alignnone size-medium wp-image-15908\" src=\"https:\/\/europehouse.mkwp-content\/uploads\/2022\/05\/mama-roma-225x300.jpg\" alt=\"\" width=\"225\" height=\"300\" srcset=\"https:\/\/europehouse.mk\/wp-content\/uploads\/2022\/05\/mama-roma-225x300.jpg 225w, https:\/\/europehouse.mk\/wp-content\/uploads\/2022\/05\/mama-roma-768x1023.jpg 768w, https:\/\/europehouse.mk\/wp-content\/uploads\/2022\/05\/mama-roma.jpg 800w\" sizes=\"auto, (max-width: 225px) 100vw, 225px\" \/><\/p>\n","protected":false},"excerpt":{"rendered":"<p>Presso la Cineteca Nazionale della Macedonia del Nord &#8211; continua la programmazione della XXII Settimana del Cinema Italiano, dedicata quest\u2019anno al tema \u201cEroi ed antieroi nel Cinema Italiano\u201d. Scritto e diretto da Pier Paolo Pasolini (di cui ricorre il centenario della nascita) ed ispirato ad un fatto realmente accaduto, il film racconta la storia di [&hellip;]<\/p>\n","protected":false},"author":2,"featured_media":15908,"parent":0,"menu_order":21,"comment_status":"closed","ping_status":"closed","template":"page-templates\/embassy-events.php","meta":{"inline_featured_image":false,"footnotes":""},"class_list":["post-13562","page","type-page","status-publish","has-post-thumbnail","hentry"],"yoast_head":"<!-- This site is optimized with the Yoast SEO plugin v27.2 - https:\/\/yoast.com\/product\/yoast-seo-wordpress\/ -->\n<title>EU Member States Embassies events - Europe House<\/title>\n<meta name=\"robots\" content=\"index, follow, max-snippet:-1, max-image-preview:large, max-video-preview:-1\" \/>\n<link rel=\"canonical\" href=\"https:\/\/europehouse.mkeu-embassy-events\/\" \/>\n<meta property=\"og:locale\" content=\"en_US\" \/>\n<meta property=\"og:type\" content=\"article\" \/>\n<meta property=\"og:title\" content=\"EU Member States Embassies events - Europe House\" \/>\n<meta property=\"og:description\" content=\"Presso la Cineteca Nazionale della Macedonia del Nord &#8211; continua la programmazione della XXII Settimana del Cinema Italiano, dedicata quest\u2019anno al tema \u201cEroi ed antieroi nel Cinema Italiano\u201d. Scritto e diretto da Pier Paolo Pasolini (di cui ricorre il centenario della nascita) ed ispirato ad un fatto realmente accaduto, il film racconta la storia di [&hellip;]\" \/>\n<meta property=\"og:url\" content=\"https:\/\/europehouse.mkeu-embassy-events\/\" \/>\n<meta property=\"og:site_name\" content=\"Europe House\" \/>\n<meta property=\"article:modified_time\" content=\"2022-05-17T13:45:35+00:00\" \/>\n<meta property=\"og:image\" content=\"https:\/\/europehouse.mkwp-content\/uploads\/2022\/05\/mama-roma.jpg\" \/>\n\t<meta property=\"og:image:width\" content=\"800\" \/>\n\t<meta property=\"og:image:height\" content=\"1066\" \/>\n\t<meta property=\"og:image:type\" content=\"image\/jpeg\" \/>\n<meta name=\"twitter:card\" content=\"summary_large_image\" \/>\n<meta name=\"twitter:label1\" content=\"Est. reading time\" \/>\n\t<meta name=\"twitter:data1\" content=\"1 minute\" \/>\n<script type=\"application\/ld+json\" class=\"yoast-schema-graph\">{\"@context\":\"https:\/\/schema.org\",\"@graph\":[{\"@type\":\"WebPage\",\"@id\":\"https:\/\/europehouse.mkeu-embassy-events\/\",\"url\":\"https:\/\/europehouse.mkeu-embassy-events\/\",\"name\":\"EU Member States Embassies events - Europe House\",\"isPartOf\":{\"@id\":\"https:\/\/europehouse.mk\/#website\"},\"primaryImageOfPage\":{\"@id\":\"https:\/\/europehouse.mkeu-embassy-events\/#primaryimage\"},\"image\":{\"@id\":\"https:\/\/europehouse.mkeu-embassy-events\/#primaryimage\"},\"thumbnailUrl\":\"https:\/\/europehouse.mk\/wp-content\/uploads\/2022\/05\/mama-roma.jpg\",\"datePublished\":\"2022-02-17T10:42:45+00:00\",\"dateModified\":\"2022-05-17T13:45:35+00:00\",\"inLanguage\":\"en-US\",\"potentialAction\":[{\"@type\":\"ReadAction\",\"target\":[\"https:\/\/europehouse.mkeu-embassy-events\/\"]}]},{\"@type\":\"ImageObject\",\"inLanguage\":\"en-US\",\"@id\":\"https:\/\/europehouse.mkeu-embassy-events\/#primaryimage\",\"url\":\"https:\/\/europehouse.mk\/wp-content\/uploads\/2022\/05\/mama-roma.jpg\",\"contentUrl\":\"https:\/\/europehouse.mk\/wp-content\/uploads\/2022\/05\/mama-roma.jpg\",\"width\":800,\"height\":1066},{\"@type\":\"WebSite\",\"@id\":\"https:\/\/europehouse.mk\/#website\",\"url\":\"https:\/\/europehouse.mk\/\",\"name\":\"Europe House\",\"description\":\"\u0422\u0443\u043a\u0430 \u0437\u0430 \u043c\u043b\u0430\u0434\u0438\u0442\u0435\",\"publisher\":{\"@id\":\"https:\/\/europehouse.mk\/#organization\"},\"potentialAction\":[{\"@type\":\"SearchAction\",\"target\":{\"@type\":\"EntryPoint\",\"urlTemplate\":\"https:\/\/europehouse.mk\/?s={search_term_string}\"},\"query-input\":{\"@type\":\"PropertyValueSpecification\",\"valueRequired\":true,\"valueName\":\"search_term_string\"}}],\"inLanguage\":\"en-US\"},{\"@type\":\"Organization\",\"@id\":\"https:\/\/europehouse.mk\/#organization\",\"name\":\"Europe House\",\"url\":\"https:\/\/europehouse.mk\/\",\"logo\":{\"@type\":\"ImageObject\",\"inLanguage\":\"en-US\",\"@id\":\"https:\/\/europehouse.mk\/#\/schema\/logo\/image\/\",\"url\":\"https:\/\/europehouse.mk\/wp-content\/uploads\/2025\/11\/cropped-EUROPE-HOUSE-FB-Profile-Picture-redisign-1-1.jpg\",\"contentUrl\":\"https:\/\/europehouse.mk\/wp-content\/uploads\/2025\/11\/cropped-EUROPE-HOUSE-FB-Profile-Picture-redisign-1-1.jpg\",\"width\":2246,\"height\":620,\"caption\":\"Europe House\"},\"image\":{\"@id\":\"https:\/\/europehouse.mk\/#\/schema\/logo\/image\/\"}}]}<\/script>\n<!-- \/ Yoast SEO plugin. -->","yoast_head_json":{"title":"EU Member States Embassies events - Europe House","robots":{"index":"index","follow":"follow","max-snippet":"max-snippet:-1","max-image-preview":"max-image-preview:large","max-video-preview":"max-video-preview:-1"},"canonical":"https:\/\/europehouse.mkeu-embassy-events\/","og_locale":"en_US","og_type":"article","og_title":"EU Member States Embassies events - Europe House","og_description":"Presso la Cineteca Nazionale della Macedonia del Nord &#8211; continua la programmazione della XXII Settimana del Cinema Italiano, dedicata quest\u2019anno al tema \u201cEroi ed antieroi nel Cinema Italiano\u201d. Scritto e diretto da Pier Paolo Pasolini (di cui ricorre il centenario della nascita) ed ispirato ad un fatto realmente accaduto, il film racconta la storia di [&hellip;]","og_url":"https:\/\/europehouse.mkeu-embassy-events\/","og_site_name":"Europe House","article_modified_time":"2022-05-17T13:45:35+00:00","og_image":[{"width":800,"height":1066,"url":"https:\/\/europehouse.mkwp-content\/uploads\/2022\/05\/mama-roma.jpg","type":"image\/jpeg"}],"twitter_card":"summary_large_image","twitter_misc":{"Est. reading time":"1 minute"},"schema":{"@context":"https:\/\/schema.org","@graph":[{"@type":"WebPage","@id":"https:\/\/europehouse.mkeu-embassy-events\/","url":"https:\/\/europehouse.mkeu-embassy-events\/","name":"EU Member States Embassies events - Europe House","isPartOf":{"@id":"https:\/\/europehouse.mk\/#website"},"primaryImageOfPage":{"@id":"https:\/\/europehouse.mkeu-embassy-events\/#primaryimage"},"image":{"@id":"https:\/\/europehouse.mkeu-embassy-events\/#primaryimage"},"thumbnailUrl":"https:\/\/europehouse.mk\/wp-content\/uploads\/2022\/05\/mama-roma.jpg","datePublished":"2022-02-17T10:42:45+00:00","dateModified":"2022-05-17T13:45:35+00:00","inLanguage":"en-US","potentialAction":[{"@type":"ReadAction","target":["https:\/\/europehouse.mkeu-embassy-events\/"]}]},{"@type":"ImageObject","inLanguage":"en-US","@id":"https:\/\/europehouse.mkeu-embassy-events\/#primaryimage","url":"https:\/\/europehouse.mk\/wp-content\/uploads\/2022\/05\/mama-roma.jpg","contentUrl":"https:\/\/europehouse.mk\/wp-content\/uploads\/2022\/05\/mama-roma.jpg","width":800,"height":1066},{"@type":"WebSite","@id":"https:\/\/europehouse.mk\/#website","url":"https:\/\/europehouse.mk\/","name":"Europe House","description":"\u0422\u0443\u043a\u0430 \u0437\u0430 \u043c\u043b\u0430\u0434\u0438\u0442\u0435","publisher":{"@id":"https:\/\/europehouse.mk\/#organization"},"potentialAction":[{"@type":"SearchAction","target":{"@type":"EntryPoint","urlTemplate":"https:\/\/europehouse.mk\/?s={search_term_string}"},"query-input":{"@type":"PropertyValueSpecification","valueRequired":true,"valueName":"search_term_string"}}],"inLanguage":"en-US"},{"@type":"Organization","@id":"https:\/\/europehouse.mk\/#organization","name":"Europe House","url":"https:\/\/europehouse.mk\/","logo":{"@type":"ImageObject","inLanguage":"en-US","@id":"https:\/\/europehouse.mk\/#\/schema\/logo\/image\/","url":"https:\/\/europehouse.mk\/wp-content\/uploads\/2025\/11\/cropped-EUROPE-HOUSE-FB-Profile-Picture-redisign-1-1.jpg","contentUrl":"https:\/\/europehouse.mk\/wp-content\/uploads\/2025\/11\/cropped-EUROPE-HOUSE-FB-Profile-Picture-redisign-1-1.jpg","width":2246,"height":620,"caption":"Europe House"},"image":{"@id":"https:\/\/europehouse.mk\/#\/schema\/logo\/image\/"}}]}},"_links":{"self":[{"href":"https:\/\/europehouse.mk\/en\/wp-json\/wp\/v2\/pages\/13562","targetHints":{"allow":["GET"]}}],"collection":[{"href":"https:\/\/europehouse.mk\/en\/wp-json\/wp\/v2\/pages"}],"about":[{"href":"https:\/\/europehouse.mk\/en\/wp-json\/wp\/v2\/types\/page"}],"author":[{"embeddable":true,"href":"https:\/\/europehouse.mk\/en\/wp-json\/wp\/v2\/users\/2"}],"replies":[{"embeddable":true,"href":"https:\/\/europehouse.mk\/en\/wp-json\/wp\/v2\/comments?post=13562"}],"version-history":[{"count":3,"href":"https:\/\/europehouse.mk\/en\/wp-json\/wp\/v2\/pages\/13562\/revisions"}],"predecessor-version":[{"id":15913,"href":"https:\/\/europehouse.mk\/en\/wp-json\/wp\/v2\/pages\/13562\/revisions\/15913"}],"wp:featuredmedia":[{"embeddable":true,"href":"https:\/\/europehouse.mk\/en\/wp-json\/wp\/v2\/media\/15908"}],"wp:attachment":[{"href":"https:\/\/europehouse.mk\/en\/wp-json\/wp\/v2\/media?parent=13562"}],"curies":[{"name":"wp","href":"https:\/\/api.w.org\/{rel}","templated":true}]}}